{"id":5270,"date":"2021-04-28T09:51:59","date_gmt":"2021-05-27T16:13:25","guid":{"rendered":"https:\/\/vannelli.coffee\/product\/masterpieces-daterra-ibairi-natural\/"},"modified":"2022-05-09T15:37:12","modified_gmt":"2022-05-09T14:37:12","slug":"masterpieces-daterra-ibairi-natural","status":"publish","type":"product","link":"https:\/\/vannelli.coffee\/it\/prodotto\/masterpieces-daterra-ibairi-natural\/","title":{"rendered":"Masterpieces Daterra Ibairi Natural"},"content":{"rendered":"<h5>Masterpieces Daterra Ibairi Natural<\/h5>\n<h5 style=\"text-align: left;\">Brasil Naturale Anaerobico D21<\/h5>\n<p style=\"text-align: left;\"><em><strong>Edizione limitata &#8211; solo 100 buste disponibili<\/strong><\/em><\/p>\n<p style=\"text-align: left;\"><strong>Origine:<\/strong> Brasile<\/p>\n<p style=\"text-align: left;\"><strong>Regione: <\/strong>Cerrado Mineiro<\/p>\n<p style=\"text-align: left;\"><strong>Farm:<\/strong> <a href=\"http:\/\/www.daterracoffee.com.br\/\">Daterra Coffee<\/a><\/p>\n<p style=\"text-align: left;\"><strong>Variet\u00e0:<\/strong> Ibair\u00ec<\/p>\n<p style=\"text-align: left;\"><strong>Processo:<\/strong> Naturale, fermentazione anaerobica<\/p>\n<p style=\"text-align: left;\"><strong>Altitudine: <\/strong>1150 mt<\/p>\n<p style=\"text-align: left;\"><strong>Cup Profile:<\/strong> Lampone, Uva, Mela Rossa, Vaniglia, Vino Rosato<\/p>\n<p style=\"text-align: left;\"><strong>Head Roaster:<\/strong> <a href=\"https:\/\/vannelli.coffee\/en\/our-team\/\">Pietro Vannelli<\/a><\/p>\n","protected":false},"excerpt":{"rendered":"<h5><em>Lampone, Uva, Mela Rossa, Vaniglia, Vino Rosato<\/em><\/h5>\n<p><span data-preserver-spaces=\"true\">Siamo contenti di annunciare questo caff\u00e8 in edizione limitata, un microlot Masterpieces di <a href=\"http:\/\/www.daterracoffee.com.br\/\">Daterra<\/a>, sono disponibili solo 100 buste!<\/span><\/p>\n<p><span data-preserver-spaces=\"true\">Questo caff\u00e8 proviene dal Brasile, pi\u00f9 precisamente dalla regione Cerrado Minerio nello stato del Minas Gerais. Il caff\u00e8 Ibairi cresce ricco e rigoglioso all&#8217;interno della Finca Boa Vista, a 1150 mt sopra il livello del mare.<\/span><span data-preserver-spaces=\"true\">La variet\u00e0 Ibairi \u00e8 un incrocio tra le variet\u00e0 Red Borbon e Mokka: il chicco di caff\u00e8 appare piccolo e rotondo e la sua mucillagine \u00e8 particolarmente dolce. Il nome &#8220;Ibairi&#8221; proviene dal Tupi, la lingua dei nativi brasiliani e significa appunto piccolo e fruttato.<\/span><\/p>\n<p><span data-preserver-spaces=\"true\">Le ciliegie vengono raccolte a mano una per una quando raggiungono la maturazione, vengono processate naturalmente e poi inserite all&#8217;interno di contenitori dove inizia la fermentazione. Questi contenitori speciali sono dotati di un sistema di valvole che impedisce l&#8217;ingresso di gas. Mentre le ciliegie fermentano, rilasciano CO2 e, poich\u00e9 l&#8217;anidride carbonica \u00e8 pi\u00f9 densa dell&#8217;ossigeno, il gas pi\u00f9 leggero viene spinto fuori dalla valvola. Dopo poche ore, l&#8217;ambiente della vasca diventa completamente anaerobico, permettendo le condizioni ideali per i microrganismi di eseguire reazioni enzimatiche all&#8217;interno dei chicchi di caff\u00e8. La<\/span><span data-preserver-spaces=\"true\"> fermentazione anaerobica contribuisce ad esaltare sapori eccezionali.<\/span><\/p>\n<p><strong>STORIA<\/strong><\/p>\n<p><span data-preserver-spaces=\"true\">Le origini di Daterra risalgono ad una storia lontana: nel 1902, una famiglia italiana decise di trasferirsi in Brasile e iniziare una nuova vita. Si installarono a Campinas dove iniziarono a coltivare il caff\u00e8. Nel 1908 la famiglia si dedic\u00f2 alla vendita di caff\u00e8, alla tostatura ma soprattutto iniziarono ad insegnare alle famiglie della zona a come tostare il caff\u00e8 in maniera autonoma.<\/span><\/p>\n<p><span data-preserver-spaces=\"true\">Il figlio pi\u00f9 grande della famiglia apr\u00ec un negozio di rivendita di caff\u00e8 ma purtroppo il sogno non dur\u00f2 a lungo poich\u00e9 il mercato del caff\u00e8 si rivel\u00f2 cos\u00ec difficoltoso tanto da costringere la chiusura dopo poco tempo. Alla\u00a0 famiglia tocc\u00f2 quindi mettere da parte questa occupazione ed si dedic\u00f2 all&#8217;apertura di una stazione di servizio e in seguito di una carrozzeria.<\/span><\/p>\n<p><span data-preserver-spaces=\"true\">Nel 1976, Donato, un membro della famiglia, decise di reivestire in ci\u00f2 che era stata la prima passione della famiglia: il caff\u00e8.<\/span><\/p>\n<p><span data-preserver-spaces=\"true\">L&#8217;azienda Daterra venne fondata ufficialmente nel 1976 grazie al desiderio di Donato. Daterra Coffee inizialmente contava su due farm: Finca Boa Vista e Finca Tabo\u00f5es, nella zona di Cerrado Mineiro.<\/span><\/p>\n<p><span data-preserver-spaces=\"true\">Uno degli obiettivi pi\u00f9 cari a Daterra era quello di creare farms sostenibili, oggi Daterra Coffee vanta importanti riconoscimenti come:<\/span><\/p>\n<ul>\n<li><span data-preserver-spaces=\"true\">1 \u00b0 farm Rainforest Alliance Certified \u2122 in Brasile;<\/span><\/li>\n<li><span data-preserver-spaces=\"true\">Modello di farm sostenibile di Illy nel 2008;<\/span><\/li>\n<li><span data-preserver-spaces=\"true\">Prima azienda eco-friendly e rispettosa del clima verificata per soddisfare il modulo climatico della rete di agricoltura sostenibile.<\/span><\/li>\n<li><span data-preserver-spaces=\"true\">Vincitore del premio &#8220;Pr\u00eamio Fazenda Sustent\u00e1vel 2015&#8221; di Globo Rural, la principale rivista agricola del Brasile, come azienda agricola pi\u00f9 sostenibile del paese<\/span><\/li>\n<\/ul>\n<p><strong>MASTERPIECES<\/strong><\/p>\n<p><span data-preserver-spaces=\"true\">In Daterra, solamente l&#8217;1% della produzione deriva da micro-lotti.<\/span><\/p>\n<p><span data-preserver-spaces=\"true\">I micro-lotti vengono coltivati all&#8217;interno di farm sperimentali: vantano di attrezzature particolari come terrazzi sospesi, essiccatori e contenitori per la fermentazione.<\/span><\/p>\n<p><span data-preserver-spaces=\"true\">Ogni anno, assaggiatori professionisti ricercano peculiarit\u00e0 e unicit\u00e0 all&#8217;interno di questi lotti sperimentali, chiamati appunto &#8220;<em>Masterpieces<\/em>&#8220;, ovvero i Capolavori Daterra.<\/span><\/p>\n","protected":false},"featured_media":6031,"template":"","meta":{"_acf_changed":false,"_monsterinsights_skip_tracking":false,"_monsterinsights_sitenote_active":false,"_monsterinsights_sitenote_note":"","_monsterinsights_sitenote_category":0},"product_brand":[],"product_cat":[41],"product_tag":[],"class_list":{"0":"post-5270","1":"product","2":"type-product","3":"status-publish","4":"has-post-thumbnail","6":"product_cat-caffe-speciali","8":"first","9":"outofstock","10":"shipping-taxable","11":"purchasable","12":"product-type-variable","13":"has-default-attributes"},"acf":[],"yoast_head":"<!-- This site is optimized with the Yoast SEO plugin v27.4 - https:\/\/yoast.com\/product\/yoast-seo-wordpress\/ -->\n<title>Masterpieces Daterra Ibairi Natural | Vannelli Coffee<\/title>\n<meta name=\"description\" content=\"Masterpieces Daterra Ibairi Natural \u00e8 un caff\u00e8 eccezionale proveniente dal Brasile. Note di lampone, uva, mela rossa, vaniglia e vino ros\u00e8.\" \/>\n<meta name=\"robots\" content=\"index, follow, max-snippet:-1, max-image-preview:large, max-video-preview:-1\" \/>\n<link rel=\"canonical\" href=\"https:\/\/vannelli.coffee\/it\/prodotto\/masterpieces-daterra-ibairi-natural\/\" \/>\n<meta property=\"og:locale\" content=\"it_IT\" \/>\n<meta property=\"og:type\" content=\"article\" \/>\n<meta property=\"og:title\" content=\"Masterpieces Daterra Ibairi Natural | Vannelli Coffee\" \/>\n<meta property=\"og:description\" content=\"Masterpieces Daterra Ibairi Natural \u00e8 un caff\u00e8 eccezionale proveniente dal Brasile. Note di lampone, uva, mela rossa, vaniglia e vino ros\u00e8.\" \/>\n<meta property=\"og:url\" content=\"https:\/\/vannelli.coffee\/it\/prodotto\/masterpieces-daterra-ibairi-natural\/\" \/>\n<meta property=\"og:site_name\" content=\"Vannelli Coffee\" \/>\n<meta property=\"article:publisher\" content=\"https:\/\/www.facebook.com\/vannelli.coffee\/\" \/>\n<meta property=\"article:modified_time\" content=\"2022-05-09T14:37:12+00:00\" \/>\n<meta property=\"og:image\" content=\"https:\/\/vannelli.coffee\/wp-content\/uploads\/2021\/04\/Brasile-Masterpieces-2-1024x1024.png\" \/>\n\t<meta property=\"og:image:width\" content=\"1024\" \/>\n\t<meta property=\"og:image:height\" content=\"1024\" \/>\n\t<meta property=\"og:image:type\" content=\"image\/png\" \/>\n<meta name=\"twitter:card\" content=\"summary_large_image\" \/>\n<script type=\"application\/ld+json\" class=\"yoast-schema-graph\">{\"@context\":\"https:\\\/\\\/schema.org\",\"@graph\":[{\"@type\":\"WebPage\",\"@id\":\"https:\\\/\\\/vannelli.coffee\\\/it\\\/prodotto\\\/masterpieces-daterra-ibairi-natural\\\/\",\"url\":\"https:\\\/\\\/vannelli.coffee\\\/it\\\/prodotto\\\/masterpieces-daterra-ibairi-natural\\\/\",\"name\":\"Masterpieces Daterra Ibairi Natural | Vannelli Coffee\",\"isPartOf\":{\"@id\":\"https:\\\/\\\/vannelli.coffee\\\/it\\\/#website\"},\"primaryImageOfPage\":{\"@id\":\"https:\\\/\\\/vannelli.coffee\\\/it\\\/prodotto\\\/masterpieces-daterra-ibairi-natural\\\/#primaryimage\"},\"image\":{\"@id\":\"https:\\\/\\\/vannelli.coffee\\\/it\\\/prodotto\\\/masterpieces-daterra-ibairi-natural\\\/#primaryimage\"},\"thumbnailUrl\":\"https:\\\/\\\/vannelli.coffee\\\/wp-content\\\/uploads\\\/2021\\\/04\\\/Brasile-Masterpieces-2.png\",\"datePublished\":\"2021-05-27T16:13:25+00:00\",\"dateModified\":\"2022-05-09T14:37:12+00:00\",\"description\":\"Masterpieces Daterra Ibairi Natural \u00e8 un caff\u00e8 eccezionale proveniente dal Brasile. Note di lampone, uva, mela rossa, vaniglia e vino ros\u00e8.\",\"breadcrumb\":{\"@id\":\"https:\\\/\\\/vannelli.coffee\\\/it\\\/prodotto\\\/masterpieces-daterra-ibairi-natural\\\/#breadcrumb\"},\"inLanguage\":\"it-IT\",\"potentialAction\":[{\"@type\":\"ReadAction\",\"target\":[\"https:\\\/\\\/vannelli.coffee\\\/it\\\/prodotto\\\/masterpieces-daterra-ibairi-natural\\\/\"]}]},{\"@type\":\"ImageObject\",\"inLanguage\":\"it-IT\",\"@id\":\"https:\\\/\\\/vannelli.coffee\\\/it\\\/prodotto\\\/masterpieces-daterra-ibairi-natural\\\/#primaryimage\",\"url\":\"https:\\\/\\\/vannelli.coffee\\\/wp-content\\\/uploads\\\/2021\\\/04\\\/Brasile-Masterpieces-2.png\",\"contentUrl\":\"https:\\\/\\\/vannelli.coffee\\\/wp-content\\\/uploads\\\/2021\\\/04\\\/Brasile-Masterpieces-2.png\",\"width\":1600,\"height\":1600},{\"@type\":\"BreadcrumbList\",\"@id\":\"https:\\\/\\\/vannelli.coffee\\\/it\\\/prodotto\\\/masterpieces-daterra-ibairi-natural\\\/#breadcrumb\",\"itemListElement\":[{\"@type\":\"ListItem\",\"position\":1,\"name\":\"Home\",\"item\":\"https:\\\/\\\/vannelli.coffee\\\/it\\\/\"},{\"@type\":\"ListItem\",\"position\":2,\"name\":\"Negozio\",\"item\":\"https:\\\/\\\/vannelli.coffee\\\/it\\\/negozio\\\/\"},{\"@type\":\"ListItem\",\"position\":3,\"name\":\"Masterpieces Daterra Ibairi Natural\"}]},{\"@type\":\"WebSite\",\"@id\":\"https:\\\/\\\/vannelli.coffee\\\/it\\\/#website\",\"url\":\"https:\\\/\\\/vannelli.coffee\\\/it\\\/\",\"name\":\"Vannelli Coffee\",\"description\":\"We Are What We Roast\",\"publisher\":{\"@id\":\"https:\\\/\\\/vannelli.coffee\\\/it\\\/#organization\"},\"potentialAction\":[{\"@type\":\"SearchAction\",\"target\":{\"@type\":\"EntryPoint\",\"urlTemplate\":\"https:\\\/\\\/vannelli.coffee\\\/it\\\/?s={search_term_string}\"},\"query-input\":{\"@type\":\"PropertyValueSpecification\",\"valueRequired\":true,\"valueName\":\"search_term_string\"}}],\"inLanguage\":\"it-IT\"},{\"@type\":\"Organization\",\"@id\":\"https:\\\/\\\/vannelli.coffee\\\/it\\\/#organization\",\"name\":\"Vannelli Coffee\",\"url\":\"https:\\\/\\\/vannelli.coffee\\\/it\\\/\",\"logo\":{\"@type\":\"ImageObject\",\"inLanguage\":\"it-IT\",\"@id\":\"https:\\\/\\\/vannelli.coffee\\\/it\\\/#\\\/schema\\\/logo\\\/image\\\/\",\"url\":\"https:\\\/\\\/vannelli.coffee\\\/wp-content\\\/uploads\\\/2020\\\/01\\\/logo-2.jpg\",\"contentUrl\":\"https:\\\/\\\/vannelli.coffee\\\/wp-content\\\/uploads\\\/2020\\\/01\\\/logo-2.jpg\",\"width\":150,\"height\":150,\"caption\":\"Vannelli Coffee\"},\"image\":{\"@id\":\"https:\\\/\\\/vannelli.coffee\\\/it\\\/#\\\/schema\\\/logo\\\/image\\\/\"},\"sameAs\":[\"https:\\\/\\\/www.facebook.com\\\/vannelli.coffee\\\/\",\"https:\\\/\\\/www.instagram.com\\\/vannelli.coffee\\\/\"]}]}<\/script>\n<!-- \/ Yoast SEO plugin. -->","yoast_head_json":{"title":"Masterpieces Daterra Ibairi Natural | Vannelli Coffee","description":"Masterpieces Daterra Ibairi Natural \u00e8 un caff\u00e8 eccezionale proveniente dal Brasile. Note di lampone, uva, mela rossa, vaniglia e vino ros\u00e8.","robots":{"index":"index","follow":"follow","max-snippet":"max-snippet:-1","max-image-preview":"max-image-preview:large","max-video-preview":"max-video-preview:-1"},"canonical":"https:\/\/vannelli.coffee\/it\/prodotto\/masterpieces-daterra-ibairi-natural\/","og_locale":"it_IT","og_type":"article","og_title":"Masterpieces Daterra Ibairi Natural | Vannelli Coffee","og_description":"Masterpieces Daterra Ibairi Natural \u00e8 un caff\u00e8 eccezionale proveniente dal Brasile. Note di lampone, uva, mela rossa, vaniglia e vino ros\u00e8.","og_url":"https:\/\/vannelli.coffee\/it\/prodotto\/masterpieces-daterra-ibairi-natural\/","og_site_name":"Vannelli Coffee","article_publisher":"https:\/\/www.facebook.com\/vannelli.coffee\/","article_modified_time":"2022-05-09T14:37:12+00:00","og_image":[{"width":1024,"height":1024,"url":"https:\/\/vannelli.coffee\/wp-content\/uploads\/2021\/04\/Brasile-Masterpieces-2-1024x1024.png","type":"image\/png"}],"twitter_card":"summary_large_image","schema":{"@context":"https:\/\/schema.org","@graph":[{"@type":"WebPage","@id":"https:\/\/vannelli.coffee\/it\/prodotto\/masterpieces-daterra-ibairi-natural\/","url":"https:\/\/vannelli.coffee\/it\/prodotto\/masterpieces-daterra-ibairi-natural\/","name":"Masterpieces Daterra Ibairi Natural | Vannelli Coffee","isPartOf":{"@id":"https:\/\/vannelli.coffee\/it\/#website"},"primaryImageOfPage":{"@id":"https:\/\/vannelli.coffee\/it\/prodotto\/masterpieces-daterra-ibairi-natural\/#primaryimage"},"image":{"@id":"https:\/\/vannelli.coffee\/it\/prodotto\/masterpieces-daterra-ibairi-natural\/#primaryimage"},"thumbnailUrl":"https:\/\/vannelli.coffee\/wp-content\/uploads\/2021\/04\/Brasile-Masterpieces-2.png","datePublished":"2021-05-27T16:13:25+00:00","dateModified":"2022-05-09T14:37:12+00:00","description":"Masterpieces Daterra Ibairi Natural \u00e8 un caff\u00e8 eccezionale proveniente dal Brasile. Note di lampone, uva, mela rossa, vaniglia e vino ros\u00e8.","breadcrumb":{"@id":"https:\/\/vannelli.coffee\/it\/prodotto\/masterpieces-daterra-ibairi-natural\/#breadcrumb"},"inLanguage":"it-IT","potentialAction":[{"@type":"ReadAction","target":["https:\/\/vannelli.coffee\/it\/prodotto\/masterpieces-daterra-ibairi-natural\/"]}]},{"@type":"ImageObject","inLanguage":"it-IT","@id":"https:\/\/vannelli.coffee\/it\/prodotto\/masterpieces-daterra-ibairi-natural\/#primaryimage","url":"https:\/\/vannelli.coffee\/wp-content\/uploads\/2021\/04\/Brasile-Masterpieces-2.png","contentUrl":"https:\/\/vannelli.coffee\/wp-content\/uploads\/2021\/04\/Brasile-Masterpieces-2.png","width":1600,"height":1600},{"@type":"BreadcrumbList","@id":"https:\/\/vannelli.coffee\/it\/prodotto\/masterpieces-daterra-ibairi-natural\/#breadcrumb","itemListElement":[{"@type":"ListItem","position":1,"name":"Home","item":"https:\/\/vannelli.coffee\/it\/"},{"@type":"ListItem","position":2,"name":"Negozio","item":"https:\/\/vannelli.coffee\/it\/negozio\/"},{"@type":"ListItem","position":3,"name":"Masterpieces Daterra Ibairi Natural"}]},{"@type":"WebSite","@id":"https:\/\/vannelli.coffee\/it\/#website","url":"https:\/\/vannelli.coffee\/it\/","name":"Vannelli Coffee","description":"We Are What We Roast","publisher":{"@id":"https:\/\/vannelli.coffee\/it\/#organization"},"potentialAction":[{"@type":"SearchAction","target":{"@type":"EntryPoint","urlTemplate":"https:\/\/vannelli.coffee\/it\/?s={search_term_string}"},"query-input":{"@type":"PropertyValueSpecification","valueRequired":true,"valueName":"search_term_string"}}],"inLanguage":"it-IT"},{"@type":"Organization","@id":"https:\/\/vannelli.coffee\/it\/#organization","name":"Vannelli Coffee","url":"https:\/\/vannelli.coffee\/it\/","logo":{"@type":"ImageObject","inLanguage":"it-IT","@id":"https:\/\/vannelli.coffee\/it\/#\/schema\/logo\/image\/","url":"https:\/\/vannelli.coffee\/wp-content\/uploads\/2020\/01\/logo-2.jpg","contentUrl":"https:\/\/vannelli.coffee\/wp-content\/uploads\/2020\/01\/logo-2.jpg","width":150,"height":150,"caption":"Vannelli Coffee"},"image":{"@id":"https:\/\/vannelli.coffee\/it\/#\/schema\/logo\/image\/"},"sameAs":["https:\/\/www.facebook.com\/vannelli.coffee\/","https:\/\/www.instagram.com\/vannelli.coffee\/"]}]}},"_links":{"self":[{"href":"https:\/\/vannelli.coffee\/it\/wp-json\/wp\/v2\/product\/5270","targetHints":{"allow":["GET"]}}],"collection":[{"href":"https:\/\/vannelli.coffee\/it\/wp-json\/wp\/v2\/product"}],"about":[{"href":"https:\/\/vannelli.coffee\/it\/wp-json\/wp\/v2\/types\/product"}],"wp:featuredmedia":[{"embeddable":true,"href":"https:\/\/vannelli.coffee\/it\/wp-json\/wp\/v2\/media\/6031"}],"wp:attachment":[{"href":"https:\/\/vannelli.coffee\/it\/wp-json\/wp\/v2\/media?parent=5270"}],"wp:term":[{"taxonomy":"product_brand","embeddable":true,"href":"https:\/\/vannelli.coffee\/it\/wp-json\/wp\/v2\/product_brand?post=5270"},{"taxonomy":"product_cat","embeddable":true,"href":"https:\/\/vannelli.coffee\/it\/wp-json\/wp\/v2\/product_cat?post=5270"},{"taxonomy":"product_tag","embeddable":true,"href":"https:\/\/vannelli.coffee\/it\/wp-json\/wp\/v2\/product_tag?post=5270"}],"curies":[{"name":"wp","href":"https:\/\/api.w.org\/{rel}","templated":true}]}}